{"id":45,"date":"2021-06-24T15:45:02","date_gmt":"2021-06-24T13:45:02","guid":{"rendered":"https:\/\/lyon-academie.com\/salon-1\/?page_id=45"},"modified":"2021-06-24T15:45:02","modified_gmt":"2021-06-24T13:45:02","slug":"presentation","status":"publish","type":"page","link":"https:\/\/lyon-academie.com\/salon-3\/presentation\/","title":{"rendered":"Pr\u00e9sentation"},"content":{"rendered":"\n<div class=\"wp-block-columns are-vertically-aligned-top is-layout-flex wp-container-core-columns-is-layout-1 wp-block-columns-is-layout-flex\">\n<div class=\"wp-block-column is-vertically-aligned-top is-layout-flow wp-block-column-is-layout-flow\" style=\"flex-basis:50%\">\n<h3 class=\"has-text-align-center wp-block-heading\">L&rsquo;Acad\u00e9mie by InterContinental\u00ae<\/h3>\n\n\n\n<div class=\"wp-block-buttons is-content-justification-center is-layout-flex wp-block-buttons-is-layout-flex\">\n<div class=\"wp-block-button\"><a class=\"wp-block-button__link has-pink-background-color has-background\" href=\"https:\/\/headbox.captur3d.io\/view\/headbox\/intercontinental-lyon\" target=\"_blank\" rel=\"noreferrer noopener\">VISITE VIRTUELLE<\/a><\/div>\n<\/div>\n\n\n\n<p class=\"has-text-align-center\">\u00c0 l\u2019InterContinental\u00ae Lyon \u2013 Hotel Dieu, b\u00e9n\u00e9ficiez de l\u2019un des plus grands centres de conf\u00e9rences de Lyon. <\/p>\n\n\n\n<p class=\"has-text-align-center\">Notre espace de convention de 1 500 m2 parfaitement modulable  dispose de 12 salles de r\u00e9unions r\u00e9parties sur 4 niveaux et b\u00e9n\u00e9ficiant toutes d\u2019une lumi\u00e8re naturelle.<\/p>\n<\/div>\n<\/div>\n\n\n\n<div style=\"height:30px\" aria-hidden=\"true\" class=\"wp-block-spacer\"><\/div>\n\n\n\n<h2 class=\"wp-block-heading\">Plans<\/h2>\n\n\n\n<h3 class=\"has-text-align-center wp-block-heading\">REZ-DE-CHAUSS\u00c9E<\/h3>\n\n\n\n<div class=\"wp-block-image\"><figure class=\"aligncenter size-large is-resized\"><img loading=\"lazy\" decoding=\"async\" src=\"https:\/\/lyon-academie.com\/salon-1\/wp-content\/uploads\/sites\/2\/2021\/07\/ihg-lyon-l-academie-rdc-salons-1024x724.jpg\" alt=\"\" class=\"wp-image-305\" width=\"1024\" height=\"724\" srcset=\"https:\/\/lyon-academie.com\/salon-3\/wp-content\/uploads\/sites\/2\/2021\/07\/ihg-lyon-l-academie-rdc-salons-1024x724.jpg 1024w, https:\/\/lyon-academie.com\/salon-3\/wp-content\/uploads\/sites\/2\/2021\/07\/ihg-lyon-l-academie-rdc-salons-300x212.jpg 300w, https:\/\/lyon-academie.com\/salon-3\/wp-content\/uploads\/sites\/2\/2021\/07\/ihg-lyon-l-academie-rdc-salons-768x543.jpg 768w, https:\/\/lyon-academie.com\/salon-3\/wp-content\/uploads\/sites\/2\/2021\/07\/ihg-lyon-l-academie-rdc-salons-1536x1086.jpg 1536w, https:\/\/lyon-academie.com\/salon-3\/wp-content\/uploads\/sites\/2\/2021\/07\/ihg-lyon-l-academie-rdc-salons.jpg 2000w\" sizes=\"(max-width: 1024px) 100vw, 1024px\" \/><\/figure><\/div>\n\n\n\n<div class=\"wp-block-columns is-layout-flex wp-container-core-columns-is-layout-2 wp-block-columns-is-layout-flex\">\n<div class=\"wp-block-column is-layout-flow wp-block-column-is-layout-flow\">\n<div class=\"wp-block-image\"><figure class=\"aligncenter size-large is-resized\"><img loading=\"lazy\" decoding=\"async\" src=\"https:\/\/lyon-academie.com\/salon-1\/wp-content\/uploads\/sites\/2\/2021\/07\/ihg-lyon-l-academie-salle-conseil-salle-vieux-livres-1024x724.jpg\" alt=\"\" class=\"wp-image-306\" width=\"512\" height=\"362\" srcset=\"https:\/\/lyon-academie.com\/salon-3\/wp-content\/uploads\/sites\/2\/2021\/07\/ihg-lyon-l-academie-salle-conseil-salle-vieux-livres-1024x724.jpg 1024w, https:\/\/lyon-academie.com\/salon-3\/wp-content\/uploads\/sites\/2\/2021\/07\/ihg-lyon-l-academie-salle-conseil-salle-vieux-livres-300x212.jpg 300w, https:\/\/lyon-academie.com\/salon-3\/wp-content\/uploads\/sites\/2\/2021\/07\/ihg-lyon-l-academie-salle-conseil-salle-vieux-livres-768x543.jpg 768w, https:\/\/lyon-academie.com\/salon-3\/wp-content\/uploads\/sites\/2\/2021\/07\/ihg-lyon-l-academie-salle-conseil-salle-vieux-livres-1536x1086.jpg 1536w, https:\/\/lyon-academie.com\/salon-3\/wp-content\/uploads\/sites\/2\/2021\/07\/ihg-lyon-l-academie-salle-conseil-salle-vieux-livres.jpg 2000w\" sizes=\"(max-width: 512px) 100vw, 512px\" \/><\/figure><\/div>\n<\/div>\n\n\n\n<div class=\"wp-block-column is-layout-flow wp-block-column-is-layout-flow\">\n<div class=\"wp-block-image\"><figure class=\"aligncenter size-large is-resized\"><img loading=\"lazy\" decoding=\"async\" src=\"https:\/\/lyon-academie.com\/salon-1\/wp-content\/uploads\/sites\/2\/2021\/07\/ihg-lyon-l-academie-salon-soufflot-1024x724.jpg\" alt=\"\" class=\"wp-image-298\" width=\"512\" height=\"362\" srcset=\"https:\/\/lyon-academie.com\/salon-3\/wp-content\/uploads\/sites\/2\/2021\/07\/ihg-lyon-l-academie-salon-soufflot-1024x724.jpg 1024w, https:\/\/lyon-academie.com\/salon-3\/wp-content\/uploads\/sites\/2\/2021\/07\/ihg-lyon-l-academie-salon-soufflot-300x212.jpg 300w, https:\/\/lyon-academie.com\/salon-3\/wp-content\/uploads\/sites\/2\/2021\/07\/ihg-lyon-l-academie-salon-soufflot-768x543.jpg 768w, https:\/\/lyon-academie.com\/salon-3\/wp-content\/uploads\/sites\/2\/2021\/07\/ihg-lyon-l-academie-salon-soufflot-1536x1086.jpg 1536w, https:\/\/lyon-academie.com\/salon-3\/wp-content\/uploads\/sites\/2\/2021\/07\/ihg-lyon-l-academie-salon-soufflot.jpg 2000w\" sizes=\"(max-width: 512px) 100vw, 512px\" \/><\/figure><\/div>\n<\/div>\n<\/div>\n\n\n\n<h3 class=\"has-text-align-center wp-block-heading\">ENTRESOL<\/h3>\n\n\n\n<div class=\"wp-block-image\"><figure class=\"aligncenter size-large\"><img loading=\"lazy\" decoding=\"async\" width=\"1024\" height=\"724\" src=\"https:\/\/lyon-academie.com\/salon-1\/wp-content\/uploads\/sites\/2\/2021\/07\/ihg-lyon-l-academie-entresol-pascalon-1024x724.jpg\" alt=\"\" class=\"wp-image-303\" srcset=\"https:\/\/lyon-academie.com\/salon-3\/wp-content\/uploads\/sites\/2\/2021\/07\/ihg-lyon-l-academie-entresol-pascalon-1024x724.jpg 1024w, https:\/\/lyon-academie.com\/salon-3\/wp-content\/uploads\/sites\/2\/2021\/07\/ihg-lyon-l-academie-entresol-pascalon-300x212.jpg 300w, https:\/\/lyon-academie.com\/salon-3\/wp-content\/uploads\/sites\/2\/2021\/07\/ihg-lyon-l-academie-entresol-pascalon-768x543.jpg 768w, https:\/\/lyon-academie.com\/salon-3\/wp-content\/uploads\/sites\/2\/2021\/07\/ihg-lyon-l-academie-entresol-pascalon-1536x1086.jpg 1536w, https:\/\/lyon-academie.com\/salon-3\/wp-content\/uploads\/sites\/2\/2021\/07\/ihg-lyon-l-academie-entresol-pascalon.jpg 2000w\" sizes=\"(max-width: 1024px) 100vw, 1024px\" \/><\/figure><\/div>\n\n\n\n<div class=\"wp-block-image\"><figure class=\"aligncenter size-large\"><img loading=\"lazy\" decoding=\"async\" width=\"1024\" height=\"724\" src=\"https:\/\/lyon-academie.com\/salon-1\/wp-content\/uploads\/sites\/2\/2021\/07\/ihg-lyon-l-academie-entresol-pascalon-zoom-1024x724.jpg\" alt=\"\" class=\"wp-image-304\" srcset=\"https:\/\/lyon-academie.com\/salon-3\/wp-content\/uploads\/sites\/2\/2021\/07\/ihg-lyon-l-academie-entresol-pascalon-zoom-1024x724.jpg 1024w, https:\/\/lyon-academie.com\/salon-3\/wp-content\/uploads\/sites\/2\/2021\/07\/ihg-lyon-l-academie-entresol-pascalon-zoom-300x212.jpg 300w, https:\/\/lyon-academie.com\/salon-3\/wp-content\/uploads\/sites\/2\/2021\/07\/ihg-lyon-l-academie-entresol-pascalon-zoom-768x543.jpg 768w, https:\/\/lyon-academie.com\/salon-3\/wp-content\/uploads\/sites\/2\/2021\/07\/ihg-lyon-l-academie-entresol-pascalon-zoom.jpg 1191w\" sizes=\"(max-width: 1024px) 100vw, 1024px\" \/><\/figure><\/div>\n\n\n\n<h3 class=\"has-text-align-center wp-block-heading\">PREMIER \u00c9TAGE<\/h3>\n\n\n\n<div class=\"wp-block-image\"><figure class=\"aligncenter size-large\"><img loading=\"lazy\" decoding=\"async\" width=\"1024\" height=\"724\" src=\"https:\/\/lyon-academie.com\/salon-1\/wp-content\/uploads\/sites\/2\/2021\/07\/ihg-lyon-l-academie-1er-etage-salons-du-cloitre-et-petit-dome-1024x724.jpg\" alt=\"\" class=\"wp-image-299\" srcset=\"https:\/\/lyon-academie.com\/salon-3\/wp-content\/uploads\/sites\/2\/2021\/07\/ihg-lyon-l-academie-1er-etage-salons-du-cloitre-et-petit-dome-1024x724.jpg 1024w, https:\/\/lyon-academie.com\/salon-3\/wp-content\/uploads\/sites\/2\/2021\/07\/ihg-lyon-l-academie-1er-etage-salons-du-cloitre-et-petit-dome-300x212.jpg 300w, https:\/\/lyon-academie.com\/salon-3\/wp-content\/uploads\/sites\/2\/2021\/07\/ihg-lyon-l-academie-1er-etage-salons-du-cloitre-et-petit-dome-768x543.jpg 768w, https:\/\/lyon-academie.com\/salon-3\/wp-content\/uploads\/sites\/2\/2021\/07\/ihg-lyon-l-academie-1er-etage-salons-du-cloitre-et-petit-dome-1536x1086.jpg 1536w, https:\/\/lyon-academie.com\/salon-3\/wp-content\/uploads\/sites\/2\/2021\/07\/ihg-lyon-l-academie-1er-etage-salons-du-cloitre-et-petit-dome.jpg 2000w\" sizes=\"(max-width: 1024px) 100vw, 1024px\" \/><\/figure><\/div>\n\n\n\n<div class=\"wp-block-image\"><figure class=\"aligncenter size-large\"><img loading=\"lazy\" decoding=\"async\" width=\"1024\" height=\"724\" src=\"https:\/\/lyon-academie.com\/salon-1\/wp-content\/uploads\/sites\/2\/2021\/07\/ihg-lyon-l-academie-1er-etage-salons-du-cloitre-et-petit-dome-zoom-1024x724.jpg\" alt=\"\" class=\"wp-image-300\" srcset=\"https:\/\/lyon-academie.com\/salon-3\/wp-content\/uploads\/sites\/2\/2021\/07\/ihg-lyon-l-academie-1er-etage-salons-du-cloitre-et-petit-dome-zoom-1024x724.jpg 1024w, https:\/\/lyon-academie.com\/salon-3\/wp-content\/uploads\/sites\/2\/2021\/07\/ihg-lyon-l-academie-1er-etage-salons-du-cloitre-et-petit-dome-zoom-300x212.jpg 300w, https:\/\/lyon-academie.com\/salon-3\/wp-content\/uploads\/sites\/2\/2021\/07\/ihg-lyon-l-academie-1er-etage-salons-du-cloitre-et-petit-dome-zoom-768x543.jpg 768w, https:\/\/lyon-academie.com\/salon-3\/wp-content\/uploads\/sites\/2\/2021\/07\/ihg-lyon-l-academie-1er-etage-salons-du-cloitre-et-petit-dome-zoom-1536x1086.jpg 1536w, https:\/\/lyon-academie.com\/salon-3\/wp-content\/uploads\/sites\/2\/2021\/07\/ihg-lyon-l-academie-1er-etage-salons-du-cloitre-et-petit-dome-zoom.jpg 2000w\" sizes=\"(max-width: 1024px) 100vw, 1024px\" \/><\/figure><\/div>\n\n\n\n<h3 class=\"has-text-align-center wp-block-heading\">DEUXI\u00c8ME \u00c9TAGE<\/h3>\n\n\n\n<div class=\"wp-block-image\"><figure class=\"aligncenter size-large\"><img loading=\"lazy\" decoding=\"async\" width=\"1024\" height=\"724\" src=\"https:\/\/lyon-academie.com\/salon-1\/wp-content\/uploads\/sites\/2\/2021\/07\/ihg-lyon-l-academie-2eme-etage-salon-de-l-apothicaire-plan-1024x724.jpg\" alt=\"\" class=\"wp-image-302\" srcset=\"https:\/\/lyon-academie.com\/salon-3\/wp-content\/uploads\/sites\/2\/2021\/07\/ihg-lyon-l-academie-2eme-etage-salon-de-l-apothicaire-plan-1024x724.jpg 1024w, https:\/\/lyon-academie.com\/salon-3\/wp-content\/uploads\/sites\/2\/2021\/07\/ihg-lyon-l-academie-2eme-etage-salon-de-l-apothicaire-plan-300x212.jpg 300w, https:\/\/lyon-academie.com\/salon-3\/wp-content\/uploads\/sites\/2\/2021\/07\/ihg-lyon-l-academie-2eme-etage-salon-de-l-apothicaire-plan-768x543.jpg 768w, https:\/\/lyon-academie.com\/salon-3\/wp-content\/uploads\/sites\/2\/2021\/07\/ihg-lyon-l-academie-2eme-etage-salon-de-l-apothicaire-plan-1536x1086.jpg 1536w, https:\/\/lyon-academie.com\/salon-3\/wp-content\/uploads\/sites\/2\/2021\/07\/ihg-lyon-l-academie-2eme-etage-salon-de-l-apothicaire-plan.jpg 2000w\" sizes=\"(max-width: 1024px) 100vw, 1024px\" \/><\/figure><\/div>\n\n\n\n<div class=\"wp-block-image\"><figure class=\"aligncenter size-large\"><img loading=\"lazy\" decoding=\"async\" width=\"1024\" height=\"724\" src=\"https:\/\/lyon-academie.com\/salon-1\/wp-content\/uploads\/sites\/2\/2021\/07\/ihg-lyon-l-academie-2eme-etage-salon-de-l-apothicaire-details-1024x724.jpg\" alt=\"\" class=\"wp-image-301\" srcset=\"https:\/\/lyon-academie.com\/salon-3\/wp-content\/uploads\/sites\/2\/2021\/07\/ihg-lyon-l-academie-2eme-etage-salon-de-l-apothicaire-details-1024x724.jpg 1024w, https:\/\/lyon-academie.com\/salon-3\/wp-content\/uploads\/sites\/2\/2021\/07\/ihg-lyon-l-academie-2eme-etage-salon-de-l-apothicaire-details-300x212.jpg 300w, https:\/\/lyon-academie.com\/salon-3\/wp-content\/uploads\/sites\/2\/2021\/07\/ihg-lyon-l-academie-2eme-etage-salon-de-l-apothicaire-details-768x543.jpg 768w, https:\/\/lyon-academie.com\/salon-3\/wp-content\/uploads\/sites\/2\/2021\/07\/ihg-lyon-l-academie-2eme-etage-salon-de-l-apothicaire-details-1536x1086.jpg 1536w, https:\/\/lyon-academie.com\/salon-3\/wp-content\/uploads\/sites\/2\/2021\/07\/ihg-lyon-l-academie-2eme-etage-salon-de-l-apothicaire-details.jpg 2000w\" sizes=\"(max-width: 1024px) 100vw, 1024px\" \/><\/figure><\/div>\n\n\n\n<h3 class=\"has-text-align-center wp-block-heading\">SE RENDRE AU CENTRE DE CONVENTION<\/h3>\n\n\n\n<div class=\"wp-block-image\"><figure class=\"aligncenter size-large\"><img loading=\"lazy\" decoding=\"async\" width=\"1024\" height=\"686\" src=\"https:\/\/lyon-academie.com\/salon-1\/wp-content\/uploads\/sites\/2\/2021\/07\/ihg-lyon-l-academie-plan-general-1024x686.jpg\" alt=\"\" class=\"wp-image-325\" srcset=\"https:\/\/lyon-academie.com\/salon-3\/wp-content\/uploads\/sites\/2\/2021\/07\/ihg-lyon-l-academie-plan-general-1024x686.jpg 1024w, https:\/\/lyon-academie.com\/salon-3\/wp-content\/uploads\/sites\/2\/2021\/07\/ihg-lyon-l-academie-plan-general-300x201.jpg 300w, https:\/\/lyon-academie.com\/salon-3\/wp-content\/uploads\/sites\/2\/2021\/07\/ihg-lyon-l-academie-plan-general-768x514.jpg 768w, https:\/\/lyon-academie.com\/salon-3\/wp-content\/uploads\/sites\/2\/2021\/07\/ihg-lyon-l-academie-plan-general-1536x1028.jpg 1536w, https:\/\/lyon-academie.com\/salon-3\/wp-content\/uploads\/sites\/2\/2021\/07\/ihg-lyon-l-academie-plan-general.jpg 2000w\" sizes=\"(max-width: 1024px) 100vw, 1024px\" \/><\/figure><\/div>\n","protected":false},"excerpt":{"rendered":"<p>L&rsquo;Acad\u00e9mie by InterContinental\u00ae \u00c0 l\u2019InterContinental\u00ae Lyon \u2013 Hotel Dieu, b\u00e9n\u00e9ficiez de l\u2019un des plus grands centres de conf\u00e9rences de Lyon. Notre espace de convention de 1 500 m2 parfaitement modulable dispose de 12 salles de r\u00e9unions r\u00e9parties sur 4 niveaux et b\u00e9n\u00e9ficiant toutes d\u2019une lumi\u00e8re naturelle. Plans REZ-DE-CHAUSS\u00c9E ENTRESOL PREMIER \u00c9TAGE DEUXI\u00c8ME \u00c9TAGE SE RENDRE [&hellip;]<\/p>\n","protected":false},"author":1,"featured_media":0,"parent":0,"menu_order":0,"comment_status":"closed","ping_status":"closed","template":"","meta":{"footnotes":""},"_links":{"self":[{"href":"https:\/\/lyon-academie.com\/salon-3\/wp-json\/wp\/v2\/pages\/45"}],"collection":[{"href":"https:\/\/lyon-academie.com\/salon-3\/wp-json\/wp\/v2\/pages"}],"about":[{"href":"https:\/\/lyon-academie.com\/salon-3\/wp-json\/wp\/v2\/types\/page"}],"author":[{"embeddable":true,"href":"https:\/\/lyon-academie.com\/salon-3\/wp-json\/wp\/v2\/users\/1"}],"replies":[{"embeddable":true,"href":"https:\/\/lyon-academie.com\/salon-3\/wp-json\/wp\/v2\/comments?post=45"}],"version-history":[{"count":0,"href":"https:\/\/lyon-academie.com\/salon-3\/wp-json\/wp\/v2\/pages\/45\/revisions"}],"wp:attachment":[{"href":"https:\/\/lyon-academie.com\/salon-3\/wp-json\/wp\/v2\/media?parent=45"}],"curies":[{"name":"wp","href":"https:\/\/api.w.org\/{rel}","templated":true}]}}